{"id":646,"date":"2020-01-23T12:10:00","date_gmt":"2020-01-23T11:10:00","guid":{"rendered":"http:\/\/opticswissservices.ch\/mentions-legales\/"},"modified":"2023-09-13T14:00:03","modified_gmt":"2023-09-13T12:00:03","slug":"informazioni-legali","status":"publish","type":"page","link":"https:\/\/opticswissservices.ch\/it\/informazioni-legali\/","title":{"rendered":"Informazioni legali"},"content":{"rendered":"\n<p><strong>Editore:<\/strong><\/p>\n\n\n\n<p>Questo sito web \u00e8 gestito dalla societ\u00e0 Optic Swiss Services SA, Avenue de la Gare 41, 1003 Losanna, societ\u00e0 iscritta al Registro di Commercio, CHE-100.105.415.<\/p>\n\n\n\n<p>Direttore della pubblicazione: Xavier Moreau<\/p>\n\n\n\n<p><strong>Hosting :<\/strong><\/p>\n\n\n\n<p>Infomaniak Network SA \u2013 Avenue de la Praille, 26 \u2013 1227 GINEVRA<\/p>\n\n\n\n<p><strong>Sito creato da :<\/strong><\/p>\n\n\n\n<p>Habefast Group S\u00e0rl, Route de Champ Colin 18, 1260 NYON<\/p>\n\n\n\n<p>Utilizzando e navigando sul nostro sito web, Lei accetta di essere vincolato\/a dalle nostre note legali.<\/p>\n\n\n\n<h2 class=\"wp-block-heading\"><strong>Contenuto del sito e propriet\u00e0 intellettuale<\/strong><\/h2>\n\n\n\n<p><br>Tutti i marchi, le fotografie, i testi, i commenti, le illustrazioni, le immagini (animate o meno), le sequenze video, i suoni, nonch\u00e9 tutte le applicazioni informatiche che possono essere utilizzate per il funzionamento di questo sito e, pi\u00f9 in generale, tutti gli elementi riprodotti o utilizzati sul sito sono protetti dalla legislazione sulla propriet\u00e0 intellettuale in vigore. Essi sono di piena e totale propriet\u00e0 dell&#8217;Editore o dei suoi partner.<\/p>\n\n\n\n<p>L&#8217;intero contenuto di questo sito web \u00e8 di propriet\u00e0 dell&#8217;Editore e non pu\u00f2 essere utilizzato e\/o riprodotto in alcuna forma o su alcun supporto senza il previo consenso scritto dell&#8217;Editore. I loghi e i marchi che compaiono su questo sito sono protetti e non possono essere riprodotti o utilizzati senza autorizzazione.<\/p>\n\n\n\n<p>\u00c8 severamente vietata la riproduzione, la presentazione, l&#8217;uso o l&#8217;adattamento, in qualsiasi forma, di tutti o parte di questi elementi, comprese le applicazioni informatiche, senza il previo consenso scritto dell&#8217;Editore. Il fatto che l&#8217;Editore non avvii un procedimento non appena viene a conoscenza di tale uso non autorizzato non costituisce accettazione di tale uso n\u00e9 costituisce una rinuncia ad azioni legali.<\/p>\n\n\n\n<p>I collegamenti ipertestuali a questo sito web possono essere creati solo con il previo consenso scritto dell&#8217;Editore, il quale declina ogni responsabilit\u00e0 per il contenuto dei siti web collegati a questo sito.<\/p>\n\n\n\n<h2 class=\"wp-block-heading\">Dati personali<\/h2>\n\n\n\n<p><br>Ci impegniamo a rispettare i Suoi dati personali. Per ulteriori informazioni su come raccogliamo, utilizziamo e condividiamo i Suoi dati, La invitiamo a consultare la nostra <a href=\"https:\/\/opticswissservices.ch\/it\/politica-di-protezione-dei-dati-personali\/\">politica sulla protezione dei dati personali<\/a>.<\/p>\n\n\n\n<h2 class=\"wp-block-heading\">Responsabilit\u00e0<\/h2>\n\n\n\n<p><br>Optic Swiss Services SA non si assume alcuna responsabilit\u00e0 per l&#8217;uso che pu\u00f2 essere fatto delle informazioni pubblicate sul suo sito web. Il contenuto del sito web pu\u00f2 contenere imprecisioni tecniche, errori tipografici o omissioni. Tale contenuto pu\u00f2 essere modificato o aggiornato senza preavviso. \u00a0Optic Swiss Services SA non \u00e8 responsabile del contenuto di qualsiasi altro sito web collegato a questo sito tramite link ipertestuale. I riferimenti a siti web di terzi presenti sul nostro sito web non costituiscono una raccomandazione o un&#8217;approvazione delle opinioni in essi espresse.<\/p>\n\n\n\n<p>Optic Swiss Services SA non pu\u00f2 essere ritenuta responsabile di eventuali danni diretti o indiretti derivanti da o consecutivi alla diffusione da parte di terzi, attraverso il nostro sito web, di un virus che possa infettare il sistema informatico o la configurazione del computer dell\u2019utente in seguito alla connessione, all&#8217;utilizzo, alla navigazione, al download o ad altro accesso a questo sito web.<\/p>\n\n\n\n<p>L&#8217;Editore non potr\u00e0 essere ritenuto responsabile in caso di guasti, malfunzionamenti, difficolt\u00e0 o interruzioni di funzionamento che impediscano l&#8217;accesso al sito web o a una qualsiasi delle sue funzioni.<\/p>\n\n\n\n<p>Lei \u00e8 responsabile dell&#8217;attrezzatura che utilizza per connettersi al sito web, ed \u00e8 tenuto\/a ad adottare tutte le misure appropriate per proteggere le Sue apparecchiature e i Suoi dati, in particolare da attacchi di virus via Internet. Lei \u00e8 inoltre l&#8217;unico\/a responsabile dei siti web e dati da Lei consultati.<\/p>\n\n\n\n<p>L&#8217;Editore non potr\u00e0 essere ritenuto responsabile in caso di procedimenti legali nei Suoi confronti:<\/p>\n\n\n\n<ul class=\"wp-block-list\">\n<li>come conseguenza dell&#8217;utilizzo del Sito web o di qualsiasi servizio accessibile via Internet da parte Sua<\/li>\n\n\n\n<li>come conseguenza della mancata osservanza del presente avviso legale da parte Sua.<\/li>\n<\/ul>\n\n\n\n<p><\/p>\n\n\n\n<p>L&#8217;Editore non sar\u00e0 responsabile di eventuali danni causati a Lei, a terzi e\/o alle Sue apparecchiature in seguito alla connessione o all&#8217;utilizzo del sito web. In qualit\u00e0 di utente, Lei rinuncia a qualsiasi rivendicazione nei confronti dell&#8217;Editore a tale riguardo.<\/p>\n\n\n\n<p>Utilizzando e navigando sul nostro sito web, Lei fornisce espresso consenso alle limitazioni di responsabilit\u00e0 che possono derivare dall&#8217;uso di questo sito.<\/p>\n\n\n\n<p>Se l&#8217;Editore divenisse oggetto di una procedura amichevole o di un procedimento legale derivante dall&#8217;uso del sito web da parte Sua, l&#8217;Editore avr\u00e0 il diritto di rivalersi su di Lei per l\u2019indennizzo di tutte le perdite, i danni, i costi e le spese derivanti da tale procedimento.<\/p>\n\n\n\n<h2 class=\"wp-block-heading\">Fotografie e rappresentazione dei prodotti<\/h2>\n\n\n\n<p>Le fotografie dei prodotti che accompagnano la loro descrizione non sono contrattuali e non sono vincolanti per l&#8217;Editore.<\/p>\n\n\n\n<h2 class=\"wp-block-heading\">Legge applicabile<\/h2>\n\n\n\n<p>La presente nota legale \u00e8 regolata dalla legislazione svizzera ed \u00e8 soggetta alla giurisdizione dei tribunali svizzeri.<\/p>\n","protected":false},"excerpt":{"rendered":"<p>Editore: Questo sito web \u00e8 gestito dalla societ\u00e0 Optic Swiss Services SA, Avenue de la Gare 41, 1003 Losanna, societ\u00e0 iscritta al Registro di Commercio, CHE-100.105.415. Direttore della pubblicazione: Xavier Moreau Hosting : Infomaniak Network SA \u2013 Avenue de la Praille, 26 \u2013 1227 GINEVRA Sito creato da : Habefast Group S\u00e0rl, Route de Champ [&hellip;]<\/p>\n","protected":false},"author":1,"featured_media":0,"parent":0,"menu_order":0,"comment_status":"closed","ping_status":"closed","template":"","meta":{"_acf_changed":false,"footnotes":""},"class_list":["post-646","page","type-page","status-publish","hentry"],"acf":[],"yoast_head":"<!-- This site is optimized with the Yoast SEO plugin v27.3 - https:\/\/yoast.com\/product\/yoast-seo-wordpress\/ -->\n<title>Mentions l\u00e9gales centrale d&#039;achat lunettes |\u00a0Optic Swiss Services<\/title>\n<meta name=\"description\" content=\"D\u00e9couvrez les mentions l\u00e9gales de la centrale d&#039;achat lunettes Optic Swiss Services pour les opticiens ind\u00e9pendants suisses.\" \/>\n<meta name=\"robots\" content=\"index, follow, max-snippet:-1, max-image-preview:large, max-video-preview:-1\" \/>\n<link rel=\"canonical\" href=\"https:\/\/opticswissservices.ch\/it\/informazioni-legali\/\" \/>\n<meta property=\"og:locale\" content=\"it_IT\" \/>\n<meta property=\"og:type\" content=\"article\" \/>\n<meta property=\"og:title\" content=\"Mentions l\u00e9gales centrale d&#039;achat lunettes |\u00a0Optic Swiss Services\" \/>\n<meta property=\"og:description\" content=\"D\u00e9couvrez les mentions l\u00e9gales de la centrale d&#039;achat lunettes Optic Swiss Services pour les opticiens ind\u00e9pendants suisses.\" \/>\n<meta property=\"og:url\" content=\"https:\/\/opticswissservices.ch\/it\/informazioni-legali\/\" \/>\n<meta property=\"og:site_name\" content=\"Optic Swiss Services\" \/>\n<meta property=\"article:modified_time\" content=\"2023-09-13T12:00:03+00:00\" \/>\n<meta name=\"twitter:card\" content=\"summary_large_image\" \/>\n<meta name=\"twitter:label1\" content=\"Tempo di lettura stimato\" \/>\n\t<meta name=\"twitter:data1\" content=\"4 minuti\" \/>\n<script type=\"application\/ld+json\" class=\"yoast-schema-graph\">{\"@context\":\"https:\\\/\\\/schema.org\",\"@graph\":[{\"@type\":\"WebPage\",\"@id\":\"https:\\\/\\\/opticswissservices.ch\\\/it\\\/informazioni-legali\\\/\",\"url\":\"https:\\\/\\\/opticswissservices.ch\\\/it\\\/informazioni-legali\\\/\",\"name\":\"Mentions l\u00e9gales centrale d'achat lunettes |\u00a0Optic Swiss Services\",\"isPartOf\":{\"@id\":\"https:\\\/\\\/opticswissservices.ch\\\/#website\"},\"datePublished\":\"2020-01-23T11:10:00+00:00\",\"dateModified\":\"2023-09-13T12:00:03+00:00\",\"description\":\"D\u00e9couvrez les mentions l\u00e9gales de la centrale d'achat lunettes Optic Swiss Services pour les opticiens ind\u00e9pendants suisses.\",\"breadcrumb\":{\"@id\":\"https:\\\/\\\/opticswissservices.ch\\\/it\\\/informazioni-legali\\\/#breadcrumb\"},\"inLanguage\":\"it-IT\",\"potentialAction\":[{\"@type\":\"ReadAction\",\"target\":[\"https:\\\/\\\/opticswissservices.ch\\\/it\\\/informazioni-legali\\\/\"]}]},{\"@type\":\"BreadcrumbList\",\"@id\":\"https:\\\/\\\/opticswissservices.ch\\\/it\\\/informazioni-legali\\\/#breadcrumb\",\"itemListElement\":[{\"@type\":\"ListItem\",\"position\":1,\"name\":\"Home\",\"item\":\"https:\\\/\\\/opticswissservices.ch\\\/it\\\/\"},{\"@type\":\"ListItem\",\"position\":2,\"name\":\"Informazioni legali\"}]},{\"@type\":\"WebSite\",\"@id\":\"https:\\\/\\\/opticswissservices.ch\\\/#website\",\"url\":\"https:\\\/\\\/opticswissservices.ch\\\/\",\"name\":\"Optic Swiss Services\",\"description\":\"\",\"publisher\":{\"@id\":\"https:\\\/\\\/opticswissservices.ch\\\/#organization\"},\"potentialAction\":[{\"@type\":\"SearchAction\",\"target\":{\"@type\":\"EntryPoint\",\"urlTemplate\":\"https:\\\/\\\/opticswissservices.ch\\\/?s={search_term_string}\"},\"query-input\":{\"@type\":\"PropertyValueSpecification\",\"valueRequired\":true,\"valueName\":\"search_term_string\"}}],\"inLanguage\":\"it-IT\"},{\"@type\":\"Organization\",\"@id\":\"https:\\\/\\\/opticswissservices.ch\\\/#organization\",\"name\":\"Optic Swiss Services\",\"url\":\"https:\\\/\\\/opticswissservices.ch\\\/\",\"logo\":{\"@type\":\"ImageObject\",\"inLanguage\":\"it-IT\",\"@id\":\"https:\\\/\\\/opticswissservices.ch\\\/#\\\/schema\\\/logo\\\/image\\\/\",\"url\":\"https:\\\/\\\/opticswissservices.ch\\\/wp-content\\\/uploads\\\/2025\\\/04\\\/cropped-Fichier-880-1.png\",\"contentUrl\":\"https:\\\/\\\/opticswissservices.ch\\\/wp-content\\\/uploads\\\/2025\\\/04\\\/cropped-Fichier-880-1.png\",\"width\":250,\"height\":251,\"caption\":\"Optic Swiss Services\"},\"image\":{\"@id\":\"https:\\\/\\\/opticswissservices.ch\\\/#\\\/schema\\\/logo\\\/image\\\/\"}}]}<\/script>\n<!-- \/ Yoast SEO plugin. -->","yoast_head_json":{"title":"Mentions l\u00e9gales centrale d'achat lunettes |\u00a0Optic Swiss Services","description":"D\u00e9couvrez les mentions l\u00e9gales de la centrale d'achat lunettes Optic Swiss Services pour les opticiens ind\u00e9pendants suisses.","robots":{"index":"index","follow":"follow","max-snippet":"max-snippet:-1","max-image-preview":"max-image-preview:large","max-video-preview":"max-video-preview:-1"},"canonical":"https:\/\/opticswissservices.ch\/it\/informazioni-legali\/","og_locale":"it_IT","og_type":"article","og_title":"Mentions l\u00e9gales centrale d'achat lunettes |\u00a0Optic Swiss Services","og_description":"D\u00e9couvrez les mentions l\u00e9gales de la centrale d'achat lunettes Optic Swiss Services pour les opticiens ind\u00e9pendants suisses.","og_url":"https:\/\/opticswissservices.ch\/it\/informazioni-legali\/","og_site_name":"Optic Swiss Services","article_modified_time":"2023-09-13T12:00:03+00:00","twitter_card":"summary_large_image","twitter_misc":{"Tempo di lettura stimato":"4 minuti"},"schema":{"@context":"https:\/\/schema.org","@graph":[{"@type":"WebPage","@id":"https:\/\/opticswissservices.ch\/it\/informazioni-legali\/","url":"https:\/\/opticswissservices.ch\/it\/informazioni-legali\/","name":"Mentions l\u00e9gales centrale d'achat lunettes |\u00a0Optic Swiss Services","isPartOf":{"@id":"https:\/\/opticswissservices.ch\/#website"},"datePublished":"2020-01-23T11:10:00+00:00","dateModified":"2023-09-13T12:00:03+00:00","description":"D\u00e9couvrez les mentions l\u00e9gales de la centrale d'achat lunettes Optic Swiss Services pour les opticiens ind\u00e9pendants suisses.","breadcrumb":{"@id":"https:\/\/opticswissservices.ch\/it\/informazioni-legali\/#breadcrumb"},"inLanguage":"it-IT","potentialAction":[{"@type":"ReadAction","target":["https:\/\/opticswissservices.ch\/it\/informazioni-legali\/"]}]},{"@type":"BreadcrumbList","@id":"https:\/\/opticswissservices.ch\/it\/informazioni-legali\/#breadcrumb","itemListElement":[{"@type":"ListItem","position":1,"name":"Home","item":"https:\/\/opticswissservices.ch\/it\/"},{"@type":"ListItem","position":2,"name":"Informazioni legali"}]},{"@type":"WebSite","@id":"https:\/\/opticswissservices.ch\/#website","url":"https:\/\/opticswissservices.ch\/","name":"Optic Swiss Services","description":"","publisher":{"@id":"https:\/\/opticswissservices.ch\/#organization"},"potentialAction":[{"@type":"SearchAction","target":{"@type":"EntryPoint","urlTemplate":"https:\/\/opticswissservices.ch\/?s={search_term_string}"},"query-input":{"@type":"PropertyValueSpecification","valueRequired":true,"valueName":"search_term_string"}}],"inLanguage":"it-IT"},{"@type":"Organization","@id":"https:\/\/opticswissservices.ch\/#organization","name":"Optic Swiss Services","url":"https:\/\/opticswissservices.ch\/","logo":{"@type":"ImageObject","inLanguage":"it-IT","@id":"https:\/\/opticswissservices.ch\/#\/schema\/logo\/image\/","url":"https:\/\/opticswissservices.ch\/wp-content\/uploads\/2025\/04\/cropped-Fichier-880-1.png","contentUrl":"https:\/\/opticswissservices.ch\/wp-content\/uploads\/2025\/04\/cropped-Fichier-880-1.png","width":250,"height":251,"caption":"Optic Swiss Services"},"image":{"@id":"https:\/\/opticswissservices.ch\/#\/schema\/logo\/image\/"}}]}},"_links":{"self":[{"href":"https:\/\/opticswissservices.ch\/it\/wp-json\/wp\/v2\/pages\/646","targetHints":{"allow":["GET"]}}],"collection":[{"href":"https:\/\/opticswissservices.ch\/it\/wp-json\/wp\/v2\/pages"}],"about":[{"href":"https:\/\/opticswissservices.ch\/it\/wp-json\/wp\/v2\/types\/page"}],"author":[{"embeddable":true,"href":"https:\/\/opticswissservices.ch\/it\/wp-json\/wp\/v2\/users\/1"}],"replies":[{"embeddable":true,"href":"https:\/\/opticswissservices.ch\/it\/wp-json\/wp\/v2\/comments?post=646"}],"version-history":[{"count":9,"href":"https:\/\/opticswissservices.ch\/it\/wp-json\/wp\/v2\/pages\/646\/revisions"}],"predecessor-version":[{"id":2923,"href":"https:\/\/opticswissservices.ch\/it\/wp-json\/wp\/v2\/pages\/646\/revisions\/2923"}],"wp:attachment":[{"href":"https:\/\/opticswissservices.ch\/it\/wp-json\/wp\/v2\/media?parent=646"}],"curies":[{"name":"wp","href":"https:\/\/api.w.org\/{rel}","templated":true}]}}